{"id":7288,"date":"2023-03-16T20:39:08","date_gmt":"2023-03-17T02:39:08","guid":{"rendered":"https:\/\/co4kids.org\/abuso-y-negligencia-infantil\/maltrato-infantil-preguntas-frecuentes-sobre-negligencia\/"},"modified":"2025-01-23T11:26:33","modified_gmt":"2025-01-23T18:26:33","slug":"maltrato-infantil-preguntas-frecuentes-sobre-negligencia","status":"publish","type":"page","link":"https:\/\/co4kids.org\/es\/abuso-y-negligencia-infantil\/maltrato-infantil-preguntas-frecuentes-sobre-negligencia\/","title":{"rendered":"Preguntas y Respuestas Frecuentes sobre Abuso y Descuido Infantil"},"content":{"rendered":"\n<div class=\"has-arrow-mask-down ani-bottom has-arrow-mask-pad has-arrow-mask wp-block-group has-wider-padding has-sticky-radius has-0-9-background-color has-background has-arrow-mask has-arrow-mask-down ani-bottom has-arrow-mask-pad has-global-padding is-layout-constrained wp-block-group-is-layout-constrained\" style=\"border-top-left-radius:15px;border-top-right-radius:15px;margin-bottom:var(--wp--preset--spacing--20)\">\n<header class=\"wp-block-group has-global-padding is-layout-constrained wp-container-core-group-is-layout-7db9d80f wp-block-group-is-layout-constrained\" style=\"padding-right:0;padding-left:0\">\n<div class=\"wp-block-columns has-0-9-background-color has-background is-layout-flex wp-container-core-columns-is-layout-0af18515 wp-block-columns-is-layout-flex\" style=\"margin-bottom:var(--wp--preset--spacing--20)\">\n<div class=\"wp-block-column is-vertically-aligned-center is-layout-flow wp-block-column-is-layout-flow\" style=\"padding-top:var(--wp--preset--spacing--20)\"><h1 style=\"margin-bottom:var(--wp--preset--spacing--20);\" class=\"wp-block-post-title has-h-2-font-size\">Preguntas y Respuestas Frecuentes sobre Abuso y Descuido Infantil<\/h1><\/div>\n\n\n\n<div class=\"wp-block-column is-vertically-aligned-top is-first-md is-layout-flow wp-block-column-is-layout-flow\"><figure class=\"ani-bottom has-arrow-mask-down has-arrow-mask wp-block-post-featured-image\"><img loading=\"lazy\" decoding=\"async\" width=\"859\" height=\"610\" src=\"https:\/\/co4kids.org\/wp-content\/uploads\/2024\/12\/Photo-1-spanish.png\" class=\"attachment-post-thumbnail size-post-thumbnail wp-post-image\" alt=\"Varios ni\u00f1os bailan y juegan juntos en un sal\u00f3n de clases.\" style=\"object-fit:cover;\" srcset=\"https:\/\/co4kids.org\/wp-content\/uploads\/2024\/12\/Photo-1-spanish.png 859w, https:\/\/co4kids.org\/wp-content\/uploads\/2024\/12\/Photo-1-spanish-450x320.png 450w, https:\/\/co4kids.org\/wp-content\/uploads\/2024\/12\/Photo-1-spanish-768x545.png 768w\" sizes=\"auto, (max-width: 859px) 100vw, 859px\" \/><\/figure><\/div>\n<\/div>\n\n\n\n<p class=\"\"><\/p>\n<\/header>\n<\/div>\n\n\n\n<div class=\"ani-bottom has-arrow-mask-down has-arrow-mask wp-block-group has-arrow-mask ani-bottom has-arrow-mask-down has-global-padding is-layout-constrained wp-container-core-group-is-layout-19e250f3 wp-block-group-is-layout-constrained\" style=\"border-style:none;border-width:0px;border-radius:0px\">\n<div class=\"ani-bottom has-arrow-mask-down has-arrow-mask wp-block-group has-arrow-mask ani-bottom has-arrow-mask-down has-global-padding is-layout-constrained wp-container-core-group-is-layout-19e250f3 wp-block-group-is-layout-constrained\" style=\"border-style:none;border-width:0px;border-radius:0px\">\n<p class=\"\"><\/p>\n\n\n\n<div class=\"wp-block-group has-global-padding is-layout-constrained wp-block-group-is-layout-constrained\">\n<h2 class=\"wp-block-heading\" style=\"padding-top:var(--wp--preset--spacing--50);padding-bottom:var(--wp--preset--spacing--20)\"><mark style=\"background-color:rgba(0, 0, 0, 0)\" class=\"has-inline-color has-2-5-color\">Respuestas a tus preguntas<\/mark><\/h2>\n\n\n\n<p class=\"has-0-9-color has-text-color\" style=\"margin-top:0\">\u00bfTienes m\u00e1s preguntas sobre el abuso y descuido infantil en Colorado? A continuaci\u00f3n encontrar\u00e1s respuestas a las preguntas m\u00e1s frecuentes. <a href=\"https:\/\/co4kids.org\/es\/contacto\/\">Cont\u00e1ctanos<\/a> si no encuentras la informaci\u00f3n que necesitas.<\/p>\n<\/div>\n\n\n\n<div class=\"has-arrow-mask-down ani-bottom has-arrow-mask-pad has-arrow-mask wp-block-group has-wider-padding has-sticky-radius has-0-9-color has-1-5-background-color has-text-color has-background has-arrow-mask has-arrow-mask-down ani-bottom has-arrow-mask-pad has-global-padding is-layout-constrained wp-block-group-is-layout-constrained\" style=\"border-top-left-radius:15px;border-top-right-radius:15px;margin-top:var(--wp--preset--spacing--20);margin-bottom:var(--wp--preset--spacing--20)\">\n<div class=\"wp-block-aquamin-accordion accordion is-style-lines\" data-accordion-one-always-open=\"false\" data-tab-pre-expand=\"false\">\n<h3 class=\"accordion__label h4\"><button class=\"accordion__button button--basic\" type=\"button\"><strong>Me preocupa que un ni\u00f1o que conozco pueda estar sufriendo abuso o descuido. \u00bfQu\u00e9 puedo hacer?<\/strong><\/button><\/h3><div class=\"accordion__content\"><div class=\"accordion__inside\">\n<p class=\"\">Cualquier persona preocupada por un ni\u00f1o v\u00edctima de abuso y\/o descuido puede llamar la L\u00ednea Directa de Abuso y Descuido Infantil de Colorado marcando el 844-CO-4-KIDS<a href=\"tel:18442645437\">(844-264-5437<\/a>).<\/p>\n<\/div><\/div>\n\n\n\n<h3 class=\"accordion__label h4\"><button class=\"accordion__button button--basic\" type=\"button\"><strong>\u00bfCu\u00e1l es el horario de atenci\u00f3n de la l\u00ednea directa contra el abuso y descuido infantil?<\/strong><\/button><\/h3><div class=\"accordion__content\"><div class=\"accordion__inside\">\n<p class=\"\">Un operador certificado est\u00e1 disponible para recibir su llamada relacionada con el abuso y\/o descuido infantil las 24 horas al d\u00eda, los 365 d\u00edas al a\u00f1o. Llame a la l\u00ednea directa gratuita <a href=\"tel:18442645437\">844-CO-4-KIDS (844-264-5437)<\/a>. <\/p>\n<\/div><\/div>\n\n\n\n<h3 class=\"accordion__label h4\"><button class=\"accordion__button button--basic\" type=\"button\">\u00bfMi llamada ser\u00e1 confidencial?<\/button><\/h3><div class=\"accordion__content\"><div class=\"accordion__inside\">\n<p class=\"\">La identidad de la persona que llame se mantendr\u00e1 confidencial. Hay raras ocasiones en las que un juez ordena que se comparta la identidad de una persona que llama. Las personas que llaman tambi\u00e9n pueden optar por denunciar las llamadas de forma an\u00f3nima. Todas las llamadas se graban para garantizar su calidad.<\/p>\n<\/div><\/div>\n\n\n\n<h3 class=\"accordion__label h4\"><button class=\"accordion__button button--basic\" type=\"button\">\u00bfQui\u00e9n es un Informador Obligatorio en Colorado?<\/button><\/h3><div class=\"accordion__content\"><div class=\"accordion__inside\">\n<p class=\"\">Aunque cualquier persona puede presentar una denuncia, las personas que desempe\u00f1an algunas ocupaciones o funciones est\u00e1n obligadas por la ley de Colorado a denunciar el abuso y descuido de menores. Hay 41 ocupaciones o funciones en Colorado que est\u00e1n obligadas a denunciar los casos conocidos o sospechados de abuso y descuido infantil a los departamentos de servicios humanos o sociales de los condado, a la agencia local de orden p\u00fablico o a trav\u00e9s del sistema de l\u00ednea directa de denuncia de abuso y descuido infantil. El <a href=\"https:\/\/leg.colorado.gov\/sites\/default\/files\/images\/olls\/crs2022-title-19.pdf\">art\u00edculo C.R.S. 19-3-304 <\/a> enlista las personas que est\u00e1n obligadas a denunciar el descuido y el abuso, sean estos conocidos o presuntos.<\/p>\n<\/div><\/div>\n\n\n\n<h3 class=\"accordion__label h4\"><button class=\"accordion__button button--basic\" type=\"button\"><strong><strong>\u00bfQu\u00e9 me preguntar\u00e1n cuando llame para comunicar un preocupaci\u00f3n?<\/strong><\/strong><\/button><\/h3><div class=\"accordion__content\"><div class=\"accordion__inside\">\n<p class=\"\">Cuando llames para informar de una preocupaci\u00f3n, la persona que te atienda recopilar\u00e1 la siguiente informaci\u00f3n:<\/p>\n\n\n\n<ul class=\"wp-block-list\">\n<li>Una descripci\u00f3n de lo que te preocupa, incluyendo datos espec\u00edficos sobre las lesiones y el impacto en el ni\u00f1o,<\/li>\n\n\n\n<li>Informaci\u00f3n sobre los ni\u00f1os, su familia y cualquier sistema de apoyo que puedan tener,<\/li>\n\n\n\n<li>Informaci\u00f3n sobre la cultura de la familia, el idioma preferido y c\u00f3mo ponerse en contacto con ella,<\/li>\n\n\n\n<li>Cualquier informaci\u00f3n pertinente relacionada con la seguridad, que incluye la seguridad del ni\u00f1o y la seguridad de cualquier persona que responda a la denuncia (esto puede incluir, entre otras cosas, los peligros en el hogar o el acceso de la familia a las armas),<\/li>\n\n\n\n<li>Informaci\u00f3n de contacto de otras personas que puedan haber sido testigos de abusos o descuidos o que tengan m\u00e1s informaci\u00f3n sobre la denuncia,<\/li>\n\n\n\n<li>Fortalezas de la familia o protecciones adicionales existentes.<\/li>\n<\/ul>\n\n\n\n<p class=\"\"><\/p>\n\n\n\n<p class=\"\">En la<a href=\"https:\/\/drive.google.com\/file\/d\/1FrymlIbuo5gTJKndHdBOAgdu2iPU76yB\/view?usp=share_link\">Gu\u00eda de recogida de informaci\u00f3n de Colorado<\/a> encontrar\u00e1s un detalle de las preguntas que los operadores te har\u00e1n cuando llames. <\/p>\n<\/div><\/div>\n\n\n\n<h3 class=\"accordion__label h4\"><button class=\"accordion__button button--basic\" type=\"button\">\u00bfQu\u00e9 ocurre despu\u00e9s de llamar para comunicar mi preocupaci\u00f3n?<\/button><\/h3><div class=\"accordion__content\"><div class=\"accordion__inside\">\n<p class=\"\">Cuando un departamento del condado recibe una llamada, la informaci\u00f3n es revisada por personal certificado para determinar si las preocupaciones cumplen los requisitos legales para una respuesta por parte de un trabajador social. <\/p>\n\n\n\n<p class=\"\">Como parte de este proceso, tambi\u00e9n se revisan los antecedentes de la familia con el bienestar infantil, las vulnerabilidades del ni\u00f1o o joven y cualquier actuaci\u00f3n previa de los departamentos del condado. <\/p>\n\n\n\n<p class=\"\">Si la informaci\u00f3n comunicada en la llamada es pasada, se tiene en cuenta c\u00f3mo puede afectar en la actualidad esa informaci\u00f3n a la seguridad de un menor. <\/p>\n\n\n\n<p class=\"\">Si se determina que una llamada no cumple los requisitos legales para una respuesta por parte del servicio de bienestar infantil, se considera si los servicios de prevenci\u00f3n son apropiados y est\u00e1n disponibles en la comunidad.<\/p>\n\n\n\n<p class=\"\">Algunas de las razones por las que una llamada puede no recibir respuesta de un trabajador social son que las alegaciones de la llamada ya han sido evaluadas anteriormente o que la llamada es una repetici\u00f3n de otra anterior. A menudo, cuando hay varios informadores obligatorios implicados en una familia, se reciben varias llamadas en relaci\u00f3n con el mismo incidente.<\/p>\n\n\n\n<p class=\"\">Si una llamada requiere la respuesta de un trabajador social de bienestar infantil, \u00e9ste se reunir\u00e1 con la familia para evaluar la seguridad del menor, las fortalezas de la familia y si hay necesidad de servicios o apoyo. Como resultado de una evaluaci\u00f3n, las familias pueden ser derivadas a servicios comunitarios o seguir trabajando con el departamento de servicios humanos del condado a trav\u00e9s de una intervenci\u00f3n judicial o sin ella. <\/p>\n\n\n\n<p class=\"has-5-5-color has-text-color\">En la mayor\u00eda de los casos, el ni\u00f1o o joven permanece al cuidado de su familia mientras se reciben los servicios. Si un ni\u00f1o o joven es colocado fuera del hogar familiar, se prestan servicios al ni\u00f1o y a la familia con el objetivo de reunificarlos en la gran mayor\u00eda de las situaciones. <\/p>\n\n\n\n<p class=\"\">Para m\u00e1s informaci\u00f3n, visite: <a href=\"https:\/\/co4kids.org\/what-happens-after-you-call\">https:\/\/co4kids.org\/what-happens-after-you-call<\/a><\/p>\n<\/div><\/div>\n\n\n\n<h3 class=\"accordion__label h4\"><button class=\"accordion__button button--basic\" type=\"button\">\u00bfQu\u00e9 se considera descuido o abuso infantil? <\/button><\/h3><div class=\"accordion__content\"><div class=\"accordion__inside\">\n<p class=\"\">Definir el descuido y\/o abuso infantil puede parecer complicado. Las definiciones se establecen a nivel federal y estatal, y tambi\u00e9n a trav\u00e9s de nuestro sistema judicial. La ley federal define al abuso y descuido infantil a trav\u00e9s de la Ley de Prevenci\u00f3n y Tratamiento del Maltrato Infantil (CAPTA por sus siglas en Ingl\u00e9s) como cualquier acto u omisi\u00f3n reciente por parte de un padre o cuidador que provoque la muerte, da\u00f1os f\u00edsicos o emocionales graves, abusos sexuales o explotaci\u00f3n, o un acto u omisi\u00f3n que suponga un riesgo inminente de da\u00f1os graves para el ni\u00f1o o joven.<\/p>\n\n\n\n<p class=\"\">Aunque la CAPTA establece normas federales m\u00ednimas para los estados que aceptan su financiaci\u00f3n, cada estado establece sus propias definiciones de maltrato en sus estatutos civiles y penales. <\/p>\n\n\n\n<p class=\"\">La ley de Colorado define el abuso y descuido infantil en la Secci\u00f3n 19-1-103 de los Estatutos Revisados de Colorado, que puede consultarse <a href=\"https:\/\/leg.colorado.gov\/sites\/default\/files\/images\/olls\/crs2022-title-19.pdf\">aqu\u00ed<\/a>. <\/p>\n\n\n\n<p class=\"\">Abuso o descuido infantil significa:<\/p>\n\n\n\n<ul class=\"wp-block-list\">\n<li>Cualquier caso en el que un ni\u00f1o presente hematomas en la piel, hemorragias, desnutrici\u00f3n, retraso en el desarrollo, quemaduras, fractura de cualquier hueso, hematoma subdural, inflamaci\u00f3n de tejidos blandos o muerte y, o bien dicha afecci\u00f3n o muerte no tiene una explicaci\u00f3n justificada. Los antecedentes aportados en relaci\u00f3n con dicha afecci\u00f3n no concuerdan con el grado o tipo de dicha afecci\u00f3n o muerte; o las circunstancias indican que dicha afecci\u00f3n puede no ser producto de un suceso accidental.<\/li>\n\n\n\n<li>Cualquier caso en el que se someta a un ni\u00f1o a un comportamiento sexual il\u00edcito.<\/li>\n\n\n\n<li>Cualquier caso en el que un menor necesite servicios porque sus padres, tutor legal o custodio no han tomado medidas para proporcionarle alimentaci\u00f3n, vestido, alojamiento, atenci\u00f3n m\u00e9dica o supervisi\u00f3n adecuados que tomar\u00eda un cuidador prudente.<\/li>\n\n\n\n<li>Cualquier caso en el que un ni\u00f1o sea objeto de abuso emocional. Tal y como se utiliza en este subp\u00e1rrafo (IV), por \u00ababuso emocional\u00bb se entiende un deterioro identificable y sustancial del funcionamiento o desarrollo intelectual o psicol\u00f3gico del ni\u00f1o o un riesgo sustancial de deterioro del funcionamiento o desarrollo intelectual o psicol\u00f3gico del ni\u00f1o.<\/li>\n\n\n\n<li>Cualquier caso en el que un progenitor, tutor o custodio legal haya abandonado al menor o lo haya sometido a malos tratos o abusos. Cualquier caso en el que un progenitor, tutor o custodio legal haya permitido que un tercero maltrate o abuse del menor sin adoptar los medios legales para poner fin a dichos malos tratos o abusos y evitar que se repitan.<\/li>\n\n\n\n<li>Cualquier caso en el que un menor carezca del debido cuidado parental por acciones u omisiones de sus padres, tutores o cuidadores legales.<\/li>\n\n\n\n<li>Cualquier caso en el que el entorno del ni\u00f1o sea perjudicial para su bienestar.<\/li>\n\n\n\n<li>Cualquier caso en el que, en presencia de un ni\u00f1o, o en las instalaciones donde se encuentra un ni\u00f1o, o donde reside un ni\u00f1o, se fabrique o intente fabricar una sustancia controlada, tal como se define en la secci\u00f3n 18-18-102 (5), C.R.S.<\/li>\n\n\n\n<li>Cualquier caso en que la salud de un reci\u00e9n nacido haya sido afectada por la exposici\u00f3n al alcohol o a sustancias. A excepci\u00f3n de que las sustancias hayan sido ingeridas bajo prescripci\u00f3n o recomendaci\u00f3n y control de un profesional sanitario autorizado.<\/li>\n\n\n\n<li>Cualquier caso en el que se someta a un menor a la trata de personas con fines de servidumbre involuntaria, tal y como se describe en la secci\u00f3n 18-3-503, C.R.S. o de servidumbre sexual, tal y como se describe en la secci\u00f3n 18-3-504, C.R.S.<\/li>\n<\/ul>\n<\/div><\/div>\n\n\n\n<h3 class=\"accordion__label h4\"><button class=\"accordion__button button--basic\" type=\"button\">\u00bfEs la trata de personas una forma de abuso? <\/button><\/h3><div class=\"accordion__content\"><div class=\"accordion__inside\">\n<p class=\"\">S\u00ed. La trata de menores es una forma de abuso infantil. <\/p>\n\n\n\n<p class=\"\">Existen dos tipos de trata de personas: la trata sexual y la trata laboral. <\/p>\n\n\n\n<p class=\"has-5-5-color has-text-color\">El tr\u00e1fico sexual de menores se produce cuando una persona menor de 18 a\u00f1os se dedica al comercio sexual o a actos sexuales con fines comerciales. El ni\u00f1o puede ser forzado, amenazado o reclutado para realizar actos sexuales, o estar intercambiando sexo para satisfacer sus necesidades b\u00e1sicas, lo que com\u00fanmente se conoce como sexo de supervivencia. <\/p>\n\n\n\n<p class=\"has-5-5-color has-text-color\">La trata laboral se produce cuando se fuerza, amenaza o manipula a una persona para que trabaje en beneficio de otra. Los j\u00f3venes v\u00edctimas de la trata laboral pueden ser sometidos a servidumbre involuntaria o por deudas. El trabajo puede incluir tanto el empleo formal como el informal o las actividades ilegales. La trata laboral puede producirse en cualquier lugar, incluidos los domicilios particulares, los restaurantes, la hosteler\u00eda, las ventas ambulantes o la venta forzosa de drogas. <\/p>\n\n\n\n<p class=\"\">Los ni\u00f1os y los j\u00f3venes pueden ser v\u00edctimas de la trata por cualquier persona, incluidos sus padres o cuidadores. Los traficantes pueden ser de cualquier sexo, edad, raza o condici\u00f3n socioecon\u00f3mica. Los ni\u00f1os y los j\u00f3venes pueden experimentar trata de personas incluso cuando no hay un \u00abtratante\u00bb claro o identificado o una persona que se beneficie de su experiencia. <\/p>\n\n\n\n<p class=\"\">La trata de personas tambi\u00e9n puede superponerse con otras formas de abuso y descuido de menores si los padres o cuidadores no protegen a sus hijos o no atienden sus necesidades b\u00e1sicas, amenazan con herirlos, abusan sexualmente de ellos o no satisfacen sus necesidades educativas o m\u00e9dicas. <\/p>\n\n\n\n<p class=\"\">Dado que la trata de personas es una forma de maltrato infantil, los informadores obligatorios que sospechen que un joven est\u00e1 siendo v\u00edctima de trata deben informar de ello a la l\u00ednea directa de abuso y descuido infantil. Para saber m\u00e1s sobre los signos o indicadores de la trata de personas, explore <a href=\"https:\/\/co4kids.org\/child-abuse-neglect\/child-trafficking\">este<\/a> sitio web. Puedes encontrar informaci\u00f3n adicional sobre c\u00f3mo reconocer la trata de personas<a href=\"https:\/\/thisishumantrafficking.com\/what-to-look-for\/\">aqu\u00ed<\/a>.<\/p>\n<\/div><\/div>\n\n\n\n<h3 class=\"accordion__label h4\"><button class=\"accordion__button button--basic\" type=\"button\"><strong><strong>\u00bfCu\u00e1ndo es legal dejar a un ni\u00f1o solo en casa?<\/strong><\/strong><\/button><\/h3><div class=\"accordion__content\"><div class=\"accordion__inside\">\n<p class=\"\">Las leyes de Colorado no establecen una edad espec\u00edfica de cuando un ni\u00f1o puede quedarse legalmente solo en casa. En general, Colorado ha aceptado la edad de 12 a\u00f1os como pauta para saber cu\u00e1ndo puede ser apropiado que un ni\u00f1o se quede solo en casa durante cortos periodos de tiempo. <\/p>\n\n\n\n<p class=\"\"><a href=\"https:\/\/cdle.colorado.gov\/sites\/cdle\/files\/Youth%20Law%20Fact%20Sheet%20August%202016.pdf\">Hoja informativa sobre la Ley de Empleo Juvenil de Colorado<\/a><\/p>\n\n\n\n<p class=\"\">A la hora de pensar en dejar a los ni\u00f1os solos, ya sea por poco o mucho tiempo, es importante que los padres y cuidadores tengan en cuenta los riesgos que conlleva, as\u00ed como la situaci\u00f3n o las circunstancias, la madurez del ni\u00f1o y qui\u00e9n es el responsable del menor. <\/p>\n\n\n\n<p class=\"\">A la hora de tomar esta decisi\u00f3n, los padres o cuidadores pueden plantearse algunas preguntas: <\/p>\n\n\n\n<ul class=\"wp-block-list\">\n<li>\u00bfEs capaz de cuidar de s\u00ed mismo y protegerse? <\/li>\n\n\n\n<li>\u00bfSe le pide al ni\u00f1o que supervise a otro ni\u00f1o, y tiene la capacidad y madurez para hacerlo? <\/li>\n\n\n\n<li>\u00bfEs el ni\u00f1o mentalmente capaz de reconocer y evitar peligros y de tomar decisiones sensatas?<\/li>\n\n\n\n<li>\u00bfEst\u00e1 el ni\u00f1o emocionalmente preparado para estar solo? \u00bfSe sentir\u00e1 el ni\u00f1o confiado y seguro o temeroso, solo o aburrido?<\/li>\n\n\n\n<li>\u00bfSabe el ni\u00f1o qu\u00e9 hacer y a qui\u00e9n llamar si surge un problema o una emergencia? \u00bfTiene acceso el ni\u00f1o a pedir ayuda o existe un plan en caso de emergencia? <\/li>\n\n\n\n<li>\u00bfTiene el ni\u00f1o alg\u00fan problema f\u00edsico, emocional o de comportamiento especial que desaconseje dejarlo solo?<\/li>\n\n\n\n<li>\u00bfD\u00f3nde est\u00e1n los padres?<\/li>\n\n\n\n<li>\u00bfPueden los padres llegar r\u00e1pidamente a casa si es necesario?<\/li>\n\n\n\n<li>\u00bfSe puede localizar a los padres por tel\u00e9fono?<\/li>\n\n\n\n<li>\u00bfSaben los ni\u00f1os d\u00f3nde est\u00e1n los padres y c\u00f3mo localizarlos?<\/li>\n\n\n\n<li>\u00bfCu\u00e1ndo y durante cu\u00e1nto tiempo se deja a los ni\u00f1os solos?<\/li>\n\n\n\n<li>\u00bfSe han puesto de acuerdo los padres con adultos cercanos para que est\u00e9n disponibles en caso de que surja alg\u00fan problema?<\/li>\n\n\n\n<li>\u00bfHay antecedentes familiares de abuso o descuido infantil?<\/li>\n<\/ul>\n\n\n\n<p class=\"\">En todos los estados, los padres son legalmente responsables del bienestar de sus hijos hasta que alcanzan la mayor\u00eda de edad. Parte del cuidado de los ni\u00f1os consiste en proporcionarles una supervisi\u00f3n adecuada. En algunas circunstancias, puede determinarse que un menor est\u00e1 desatendido si no ha sido supervisado adecuadamente.<\/p>\n<\/div><\/div>\n\n\n\n<h3 class=\"accordion__label h4\"><button class=\"accordion__button button--basic\" type=\"button\">\u00bfQu\u00e9 puedo hacer para ayudar a una familia cuando un ni\u00f1o NO est\u00e1 sufriendo abuso o descuido pero estoy preocupado por ellos?<\/button><\/h3><div class=\"accordion__content\"><div class=\"accordion__inside\">\n<p class=\"\">Una de las formas m\u00e1s efectivas de evitar el abuso infantil es fortalecer a las familias. <a href=\"https:\/\/co4kids.org\/strengthening-familes\/50-ways-to-help-families\">Aqu\u00ed tienes m\u00e1s de 50 formas de fortalecer a las familias.<\/a> Si no lo haces t\u00fa, \u00bfentonces qui\u00e9n?<\/p>\n<\/div><\/div>\n<\/div>\n<\/div>\n<\/div>\n\n\n\n<div class=\"wp-block-group has-global-padding is-layout-constrained wp-block-group-is-layout-constrained\">\n<h2 class=\"wp-block-heading\" style=\"padding-top:var(--wp--preset--spacing--50);padding-bottom:var(--wp--preset--spacing--10)\"><mark style=\"background-color:rgba(0, 0, 0, 0)\" class=\"has-inline-color has-2-5-color\">Denuncia de abuso y descuido de menores<\/mark><\/h2>\n\n\n\n<p class=\"has-0-9-color has-text-color\">A continuaci\u00f3n encontrar\u00e1s las preguntas y respuestas m\u00e1s frecuentes correspondientes a los informes a la L\u00ednea Directa de Abuso y Descuido de Colorado. <a href=\"https:\/\/co4kids.org\/es\/contacto\/\">Cont\u00e1ctanos <\/a>en caso de que a\u00fan tengas dudas.<\/p>\n<\/div>\n\n\n\n<div class=\"has-arrow-mask-down ani-bottom has-arrow-mask-pad has-arrow-mask wp-block-group has-wider-padding has-sticky-radius has-0-9-color has-1-5-background-color has-text-color has-background has-arrow-mask has-arrow-mask-down ani-bottom has-arrow-mask-pad has-global-padding is-layout-constrained wp-block-group-is-layout-constrained\" style=\"border-top-left-radius:15px;border-top-right-radius:15px;margin-top:var(--wp--preset--spacing--50);margin-bottom:var(--wp--preset--spacing--20)\">\n<div class=\"wp-block-aquamin-accordion accordion is-style-lines\" data-accordion-one-always-open=\"false\" data-tab-pre-expand=\"false\">\n<h3 class=\"accordion__label h4\"><button class=\"accordion__button button--basic\" type=\"button\"><br>\u00bfMi llamada ser\u00e1 confidencial?<\/button><\/h3><div class=\"accordion__content\"><div class=\"accordion__inside\">\n<p class=\"\">Todas las personas que llamen pueden optar por notificar sus preocupaciones de forma an\u00f3nima y todas las notificaciones ser\u00e1n confidenciales. <\/p>\n<\/div><\/div>\n\n\n\n<h3 class=\"accordion__label h4\"><button class=\"accordion__button button--basic\" type=\"button\">\u00bfQu\u00e9 me preguntar\u00e1n cuando llame para informar una inquietud?<\/button><\/h3><div class=\"accordion__content\"><div class=\"accordion__inside\">\n<p class=\"has-5-5-color has-text-color\"><strong>\u00bfCu\u00e1l es la naturaleza del abuso o del entorno de descuido?<\/strong><\/p>\n\n\n\n<ul class=\"wp-block-list\">\n<li>\u00bfD\u00f3nde est\u00e1 el ni\u00f1o ahora?<\/li>\n\n\n\n<li>\u00bfD\u00f3nde est\u00e1 ahora el presunto autor?<\/li>\n\n\n\n<li>\u00bfCu\u00e1ndo fueron vistos los ni\u00f1os por \u00faltima vez y por qui\u00e9n? <\/li>\n\n\n\n<li>\u00bfDesde cu\u00e1ndo ocurre esto? \u00bfSe han mantenido las cosas igual, han empeorado o han mejorado?<\/li>\n\n\n\n<li>\u00bfA qu\u00e9 centro educativo va el ni\u00f1o y cu\u00e1nto tiempo pasa all\u00ed?<\/li>\n\n\n\n<li>\u00bfInforma el ni\u00f1o de la frecuencia con que esto ocurre?<\/li>\n\n\n\n<li>\u00bfAlg\u00fan adulto del hogar est\u00e1 siendo agredido por su pareja?<\/li>\n\n\n\n<li>\u00bfHa acudido alguna vez la polic\u00eda al domicilio para responder a agresiones contra adultos o ni\u00f1os?<\/li>\n\n\n\n<li>\u00bfHan dicho los ni\u00f1os que alguno de sus cuidadores es v\u00edctima de violencia o act\u00faa con violencia en el hogar?<\/li>\n\n\n\n<li>\u00bfSe han utilizado armas para amenazar o da\u00f1ar a alg\u00fan miembro de la familia? En caso afirmativo, \u00bfqu\u00e9 tipo de arma y sigue estando en la casa?<\/li>\n\n\n\n<li>\u00bfSe ha herido alg\u00fan animal?<\/li>\n\n\n\n<li>\u00bfHay armas en casa o alg\u00fan miembro de la familia consume drogas? <\/li>\n\n\n\n<li>\u00bfExisten otros peligros ambientales en el hogar (animales peligrosos, laboratorios de metanfetamina, actividad delictiva, etc.)?<\/li>\n\n\n\n<li>\u00bfQui\u00e9n m\u00e1s vive en la casa? \u00bfHay otros ni\u00f1os en casa?<\/li>\n\n\n\n<li>\u00bfCu\u00e1les son las preocupaciones sobre el ni\u00f1o y la familia?<\/li>\n<\/ul>\n\n\n\n<p class=\"\"><\/p>\n\n\n\n<p class=\"\"><strong><mark style=\"background-color:rgba(0, 0, 0, 0)\" class=\"has-inline-color has-5-5-color\">Abuso F\u00edsico<\/mark><\/strong><\/p>\n\n\n\n<ul class=\"wp-block-list\">\n<li>\u00bfVio el informante alguna lesi\u00f3n? \u00bfQu\u00e9 aspecto tiene? <\/li>\n\n\n\n<li>\u00bfEn qu\u00e9 parte del cuerpo del ni\u00f1o se localiza la lesi\u00f3n?<\/li>\n\n\n\n<li>\u00bfEs necesaria una intervenci\u00f3n m\u00e9dica?<\/li>\n\n\n\n<li>\u00bfCu\u00e1ndo\/d\u00f3nde ocurri\u00f3 y qui\u00e9n lo hizo? <\/li>\n\n\n\n<li>\u00bfAlg\u00fan hermano ha sufrido abusos similares?<\/li>\n\n\n\n<li>\u00bfHa ocurrido esto antes?<\/li>\n<\/ul>\n\n\n\n<p class=\"\"><\/p>\n\n\n\n<p class=\"\"><strong><mark style=\"background-color:rgba(0, 0, 0, 0)\" class=\"has-inline-color has-5-5-color\">Abuso Sexual<\/mark><\/strong><\/p>\n\n\n\n<ul class=\"wp-block-list\">\n<li>\u00bfQu\u00e9, cu\u00e1ndo, qui\u00e9n, d\u00f3nde y con qu\u00e9 frecuencia? \u00bfAlguien m\u00e1s presenci\u00f3 el incidente? Si el agresor es mayor de 10 a\u00f1os, \u00bfse ha avisado a las fuerzas del orden? \u00bfSe ha informado a los padres?<\/li>\n\n\n\n<li>\u00bfExisten indicadores f\u00edsicos?<\/li>\n\n\n\n<li>\u00bfHa protestado directamente el ni\u00f1o? \u00bfQu\u00e9 se ha dicho?<\/li>\n\n\n\n<li>\u00bfInforma el ni\u00f1o de que le han tocado antes de forma inapropiada? <\/li>\n\n\n\n<li>\u00bfCu\u00e1l es la relaci\u00f3n del agresor? <\/li>\n<\/ul>\n\n\n\n<p class=\"\"><\/p>\n\n\n\n<p class=\"\"><strong><mark style=\"background-color:rgba(0, 0, 0, 0)\" class=\"has-inline-color has-5-5-color\">Abuso Emocional<\/mark><\/strong><\/p>\n\n\n\n<ul class=\"wp-block-list\">\n<li>\u00bfQu\u00e9 se le dice al ni\u00f1o o qu\u00e9 ha presenciado?<\/li>\n\n\n\n<li>\u00bfCu\u00e1ndo, d\u00f3nde y con qu\u00e9 frecuencia ocurre?<\/li>\n\n\n\n<li>\u00bfC\u00f3mo se ve afectado el ni\u00f1o?<\/li>\n<\/ul>\n\n\n\n<p class=\"\"><\/p>\n\n\n\n<p class=\"\"><strong><mark style=\"background-color:rgba(0, 0, 0, 0)\" class=\"has-inline-color has-5-5-color\">Descuido<\/mark><\/strong><\/p>\n\n\n\n<ul class=\"wp-block-list\">\n<li>\u00bfQu\u00e9 vio concretamente el informante? <\/li>\n\n\n\n<li>Descripci\u00f3n del entorno y \u00bfqui\u00e9n lo vio? \u00bfCu\u00e1ndo lo vieron? <\/li>\n\n\n\n<li>\u00bfEdad de los ni\u00f1os y a qu\u00e9 han estado expuestos?<\/li>\n\n\n\n<li>En cuanto al aspecto del ni\u00f1o, \u00bfqu\u00e9 vio el informante (ropa inadecuada para la estaci\u00f3n, en mal estado, etc.)?<\/li>\n<\/ul>\n\n\n\n<p class=\"\"><\/p>\n\n\n\n<p class=\"\"><strong><mark style=\"background-color:rgba(0, 0, 0, 0)\" class=\"has-inline-color has-5-5-color\">Falta de Supervisi\u00f3n<\/mark><\/strong><\/p>\n\n\n\n<ul class=\"wp-block-list\">\n<li>\u00bfCon qu\u00e9 frecuencia y a qu\u00e9 hora del d\u00eda se produce?<\/li>\n\n\n\n<li>\u00bfCu\u00e1nto tiempo se deja solo al ni\u00f1o? \u00bfEst\u00e1n solos ahora?<\/li>\n\n\n\n<li>\u00bfSaben d\u00f3nde va el padre a esas horas?<\/li>\n<\/ul>\n\n\n\n<p class=\"\"><\/p>\n\n\n\n<p class=\"\"><strong><mark style=\"background-color:rgba(0, 0, 0, 0)\" class=\"has-inline-color has-5-5-color\">Abuso de Sustancias<\/mark><\/strong><\/p>\n\n\n\n<ul class=\"wp-block-list\">\n<li>\u00bfC\u00f3mo sabes que el padre consume drogas?<\/li>\n\n\n\n<li>\u00bfQu\u00e9 sustancia consume el progenitor?<\/li>\n\n\n\n<li>\u00bfCu\u00e1l es el impacto en el ni\u00f1o?<\/li>\n\n\n\n<li>\u00bfLa sustancia es accesible para el ni\u00f1o?<\/li>\n\n\n\n<li>\u00bfTiene el progenitor una receta de marihuana medicinal?<\/li>\n<\/ul>\n\n\n\n<p class=\"\"><\/p>\n\n\n\n<p class=\"\"><strong><mark style=\"background-color:rgba(0, 0, 0, 0)\" class=\"has-inline-color has-5-5-color\">Ni\u00f1o expuesto a las drogas<\/mark><\/strong><\/p>\n\n\n\n<ul class=\"wp-block-list\">\n<li>\u00bfSigue la madre en el hospital? \u00bfQui\u00e9n m\u00e1s est\u00e1 en el hospital?<\/li>\n\n\n\n<li>\u00bfSe ha pedido meconio? \u00bfTipos y nivel de drogas presentes? <\/li>\n\n\n\n<li>\u00bfTiene mam\u00e1 un sitio donde ir? \u00bfTienen silla de coche y otros suministros?<\/li>\n\n\n\n<li>\u00bfCu\u00e1nto tiempo permanecer\u00e1 el ni\u00f1o en el hospital?<\/li>\n<\/ul>\n\n\n\n<p class=\"\"><\/p>\n\n\n\n<p class=\"\"><strong><mark style=\"background-color:rgba(0, 0, 0, 0)\" class=\"has-inline-color has-5-5-color\">Violencia Dom\u00e9stica<\/mark><\/strong><\/p>\n\n\n\n<ul class=\"wp-block-list\">\n<li>\u00bfD\u00f3nde estaban los ni\u00f1os durante el incidente? \u00bfLlamaron a la polic\u00eda? <\/li>\n\n\n\n<li>\u00bfQui\u00e9n llam\u00f3 al 911 y a qu\u00e9 hora? \u00bfSe presentaron cargos o alguno de los progenitores fue encarcelado? \u00bfSe lesion\u00f3 f\u00edsicamente el ni\u00f1o?<\/li>\n\n\n\n<li>\u00bfHizo el ni\u00f1o alguna declaraci\u00f3n sobre c\u00f3mo \u00abse siente\u00bb respecto a lo ocurrido?<\/li>\n\n\n\n<li>\u00bfHan intervenido los ni\u00f1os o han sufrido da\u00f1os f\u00edsicos durante una agresi\u00f3n violenta?<\/li>\n\n\n\n<li>\u00bfC\u00f3mo afecta la violencia a los ni\u00f1os?<\/li>\n\n\n\n<li>\u00bfEl agresor ha hecho amenazas de homicidio o suicidio?<\/li>\n\n\n\n<li>\u00bfTiene el agresor acceso a armas peligrosas o de fuego?<\/li>\n\n\n\n<li>\u00bfPuede la v\u00edctima adulta proteger al ni\u00f1o? En caso afirmativo, \u00bfc\u00f3mo?<\/li>\n<\/ul>\n\n\n\n<p class=\"\"><\/p>\n\n\n\n<p class=\"\"><strong><mark style=\"background-color:rgba(0, 0, 0, 0)\" class=\"has-inline-color has-5-5-color\">Juventud en Conflicto<\/mark><\/strong><\/p>\n\n\n\n<ul class=\"wp-block-list\">\n<li>\u00bfQu\u00e9 comportamientos espec\u00edficos has visto que te preocupan de este joven?<\/li>\n\n\n\n<li>\u00bfCon qu\u00e9 frecuencia se producen estos comportamientos?<\/li>\n\n\n\n<li>\u00bfCu\u00e1ndo fue la \u00faltima vez que los observaste?<\/li>\n\n\n\n<li>(Si el informante no es el padre) \u00bfSe ha puesto en contacto con los padres al respecto? \u00bfCu\u00e1l fue la respuesta?<\/li>\n\n\n\n<li>Describe lo que sabes de los amigos del joven. \u00bfParticipa en bandas delictivas? \u00bfUsa o abusa de drogas\/alcohol?<\/li>\n\n\n\n<li>\u00bfEl joven est\u00e1 yendo a la escuela?<\/li>\n\n\n\n<li>\u00bfSe ha fugado el joven? \u00bfCu\u00e1ntas veces? \u00bfCu\u00e1nto tiempo est\u00e1 ausente cuando huye? <\/li>\n\n\n\n<li>\u00bfHay otros organismos implicados, como los tribunales o los terapeutas?<\/li>\n\n\n\n<li>\u00bfC\u00f3mo afecta a la familia el comportamiento del joven?<\/li>\n\n\n\n<li>\u00bfTiene el joven alg\u00fan apoyo informal, como mentores y\/o amigos \u00edntimos o familiares?<\/li>\n\n\n\n<li>\u00bfQu\u00e9 est\u00e1 yendo bien?<\/li>\n<\/ul>\n\n\n\n<p class=\"\"><\/p>\n\n\n\n<p class=\"\"><strong><mark style=\"background-color:rgba(0, 0, 0, 0)\" class=\"has-inline-color has-5-5-color\">Apoyo Tangible<\/mark><\/strong><\/p>\n\n\n\n<ul class=\"wp-block-list\">\n<li>\u00bfCu\u00e1nto tiempo lleva la familia viviendo en la comunidad? \u00bfCu\u00e1nto tiempo lleva la familia en la direcci\u00f3n actual?<\/li>\n\n\n\n<li>\u00bfDispone la familia de tel\u00e9fono, medios de transporte, sillas de coche, etc.?<\/li>\n\n\n\n<li>\u00bfTrabajan los adultos del hogar?<\/li>\n\n\n\n<li>\u00bfRecibe la familia alg\u00fan tipo de ayuda p\u00fablica (ayuda en dinero, cupones para alimentos, Medicaid)?<\/li>\n<\/ul>\n\n\n\n<p class=\"\"><\/p>\n\n\n\n<p class=\"\"><strong><mark style=\"background-color:rgba(0, 0, 0, 0)\" class=\"has-inline-color has-5-5-color\">Informaci\u00f3n sobre el Ni\u00f1o<\/mark><\/strong><\/p>\n\n\n\n<ul class=\"wp-block-list\">\n<li>\u00bfC\u00f3mo describir\u00edas al ni\u00f1o (feliz, triste, preocupado, cansado, amante de la diversi\u00f3n)?<\/li>\n\n\n\n<li>\u00bfTiene el ni\u00f1o alg\u00fan retraso en su desarrollo o alguna discapacidad f\u00edsica?<\/li>\n\n\n\n<li>\u00bfQu\u00e9 tal le va al ni\u00f1o en la escuela? \u00bfExpresa miedo o aprensi\u00f3n a volver a casa? <\/li>\n\n\n\n<li>\u00bfTiene amigos?<\/li>\n\n\n\n<li>\u00bfQu\u00e9 dicen los padres del ni\u00f1o? \u00bfC\u00f3mo lo describir\u00edan?<\/li>\n<\/ul>\n\n\n\n<p class=\"\"><\/p>\n\n\n\n<p class=\"\"><strong><mark style=\"background-color:rgba(0, 0, 0, 0)\" class=\"has-inline-color has-5-5-color\">Apoyo de Familiares y Comunitarios<\/mark><\/strong><\/p>\n\n\n\n<ul class=\"wp-block-list\">\n<li>\u00bfRecurre la familia a otras personas para resolver problemas? \u00bfA qui\u00e9n recurren?<\/li>\n\n\n\n<li>\u00bfConoce a alg\u00fan miembro de la familia?<\/li>\n\n\n\n<li>\u00bfQui\u00e9nes son y c\u00f3mo es su relaci\u00f3n con la familia? \u00bfQu\u00e9 dicen?<\/li>\n\n\n\n<li>\u00bfHay aspectos de su relaci\u00f3n con la familia que, junto con nuestra intervenci\u00f3n, podr\u00edan ayudar a influir en ellos para mejor?<\/li>\n<\/ul>\n\n\n\n<p class=\"\"><\/p>\n\n\n\n<p class=\"\"><strong><mark style=\"background-color:rgba(0, 0, 0, 0)\" class=\"has-inline-color has-5-5-color\">Afrontamiento Familiar \/ Fortalezas<\/mark><\/strong><\/p>\n\n\n\n<ul class=\"wp-block-list\">\n<li>\u00bfEst\u00e1n los padres preocupados por estos problemas? \u00bfC\u00f3mo reaccionaron ante tu preocupaci\u00f3n?<\/li>\n\n\n\n<li>\u00bfC\u00f3mo suelen resolver este problema los familiares? \u00bfQu\u00e9 les has visto hacer?<\/li>\n\n\n\n<li>\u00bfQu\u00e9 dir\u00edas que es bueno de la crianza de mam\u00e1\/pap\u00e1? \u00bfQu\u00e9 dir\u00eda el ni\u00f1o al respecto?<\/li>\n\n\n\n<li>Seg\u00fan lo que sabes, \u00bfqui\u00e9n est\u00e1 a cargo de la familia?<\/li>\n\n\n\n<li>\u00bfHa tenido la familia alg\u00fan contacto previo con la justicia? \u00bfSe ha expulsado anteriormente a alg\u00fan ni\u00f1o del hogar?<\/li>\n\n\n\n<li>\u00bfHay momentos en los que la madre o el padre se muestran m\u00e1s atentos que descuidados? \u00bfPuedes hablarme m\u00e1s de aquellos tiempos? \u00bfQu\u00e9 hicieron el padre o la madre y el hijo? <\/li>\n\n\n\n<li>\u00bfQu\u00e9 crees que contribuy\u00f3 a que los padres respondieran de forma diferente?<\/li>\n\n\n\n<li>Seg\u00fan lo que sabes, \u00bfc\u00f3mo reaccion\u00f3 el progenitor, no agresor, ante lo ocurrido?<\/li>\n\n\n\n<li>Si ya ha ocurrido antes, \u00bfc\u00f3mo ha abordado la familia la situaci\u00f3n?<\/li>\n\n\n\n<li>\u00bfTiene conocimiento de alg\u00fan esfuerzo realizado por alguno de los cuidadores para proteger a los ni\u00f1os de abuso o descuido?<\/li>\n<\/ul>\n\n\n\n<p class=\"\"><\/p>\n\n\n\n<p class=\"\"><strong><mark style=\"background-color:rgba(0, 0, 0, 0)\" class=\"has-inline-color has-5-5-color\">Raza\/etnia\/cultura<\/mark><\/strong><\/p>\n\n\n\n<ul class=\"wp-block-list\">\n<li>Si lo sabes, \u00bfpodr\u00edas decirme la raza, etnia u otra informaci\u00f3n relacionada con la cultura de este ni\u00f1o o familia?<\/li>\n\n\n\n<li>\u00bfC\u00f3mo se identifica esta familia en cuanto a raza, etnia o cultura? No hay problema si no lo sabes. Si lo sabes, \u00bfc\u00f3mo lo sabes?<\/li>\n\n\n\n<li>\u00bfPertenece la familia a alguna comunidad religiosa que tu conozcas? Si es as\u00ed, \u00bfc\u00f3mo lo sabes? \u00bfPor qu\u00e9 es importante que lo sepas?<\/li>\n\n\n\n<li>\u00bfSabe cu\u00e1l es la lengua materna de la familia?<\/li>\n<\/ul>\n\n\n\n<p class=\"\"><\/p>\n\n\n\n<p class=\"\"><strong><mark style=\"background-color:rgba(0, 0, 0, 0)\" class=\"has-inline-color has-5-5-color\">Pr\u00f3ximos Pasos\/Soluciones<\/mark><\/strong><\/p>\n\n\n\n<ul class=\"wp-block-list\">\n<li>\u00bfHas tomado alguna otra medida para abordar este problema, aparte de hacer esta llamada?<\/li>\n\n\n\n<li>\u00bfHas hablado de estas preocupaciones con alguien m\u00e1s que conozca a la familia?<\/li>\n\n\n\n<li>\u00bfLes dijiste a los padres que llamar\u00edas? \u00bfC\u00f3mo reaccionaron?<\/li>\n\n\n\n<li>\u00bfCu\u00e1l cree que es la causa del problema?<\/li>\n\n\n\n<li>\u00bfQu\u00e9 le convenci\u00f3 para hacer esta llamada?<\/li>\n\n\n\n<li>\u00bfQu\u00e9 har\u00eda falta para que el ni\u00f1o estuviera m\u00e1s seguro?<\/li>\n<\/ul>\n<\/div><\/div>\n\n\n\n<h3 class=\"accordion__label h4\"><button class=\"accordion__button button--basic\" type=\"button\">\u00bfPuedo reportar mis inquietudes en noches, fines de semana o feriados?<strong><strong><br><\/strong><\/strong><\/button><\/h3><div class=\"accordion__content\"><div class=\"accordion__inside\">\n<p class=\"\">S\u00ed, una persona certificada para atender llamadas est\u00e1 disponible para recibir tu llamada relacionada con abuso o negligencia infantil las 24 horas del d\u00eda, los 365 d\u00edas del a\u00f1o llamando a la l\u00ednea directa gratuita <a href=\"tel:18442645437\">844-CO-4-KIDS (844-264-5437)<\/a>. Los condados tambi\u00e9n tienen flexibilidad para elegir qui\u00e9n atiende las llamadas a la L\u00ednea Directa fuera de horario. Los condados pueden optar por desviar sus llamadas directamente a un trabajador social de guardia o a otro organismo del condado o de las fuerzas de seguridad que haya aceptado atender las llamadas fuera de horario o por exceso de llamadas. <\/p>\n<\/div><\/div>\n\n\n\n<h3 class=\"accordion__label h4\"><button class=\"accordion__button button--basic\" type=\"button\">\u00bfPueden las personas que llaman elegir dar toda la informaci\u00f3n a la l\u00ednea directa o todas las llamadas se enviar\u00e1n directamente a los condados?<\/button><\/h3><div class=\"accordion__content\"><div class=\"accordion__inside\">\n<p class=\"\">El objetivo principal del Sistema de Denuncias de Abuso y Descuido Infantil de Colorado es dirigir r\u00e1pidamente a las personas que llaman al condado apropiado. Se pedir\u00e1 a las personas que llamen que digan el nombre del condado en el que reside el menor y, a continuaci\u00f3n, se les dirigir\u00e1 a ese condado. Las personas que llamen y no est\u00e9n seguras del condado, hablen un idioma distinto del ingl\u00e9s o el espa\u00f1ol, o sean sordas o tengan dificultades auditivas, ser\u00e1n dirigidas a un representante del Centro de Conexi\u00f3n de Condados de la l\u00ednea directa que les ayudar\u00e1 a identificar el condado apropiado.<\/p>\n<\/div><\/div>\n\n\n\n<h3 class=\"accordion__label h4\"><button class=\"accordion__button button--basic\" type=\"button\">\u00bfPor qu\u00e9 deber\u00eda llamar a la l\u00ednea directa en lugar de informar sospechas de abuso directamente a mi condado?<\/button><\/h3><div class=\"accordion__content\"><div class=\"accordion__inside\">\n<p class=\"\">La l\u00ednea directa gratuita <a href=\"tel:18442645437\">844-CO-4-KIDS (844-264-5437<\/a> ) est\u00e1 dise\u00f1ada para proporcionar un n\u00famero de tel\u00e9fono f\u00e1cil de recordar que las personas pueden utilizar en todo el estado. El objetivo es reducir la confusi\u00f3n de las personas que denuncian casos de abuso y descuido de menores y simplificar al m\u00e1ximo la denuncia de sospechas de abuso y descuido. Todas las personas que llamen se pondr\u00e1n en contacto con el condado correspondiente y hablar\u00e1n con una persona formada y certificada en el uso de una gu\u00eda dise\u00f1ada de preguntas que se realizar\u00e1n a las personas que llamen e informen casos de abuso y descuido infantil. <\/p>\n<\/div><\/div>\n\n\n\n<h3 class=\"accordion__label h4\"><button class=\"accordion__button button--basic\" type=\"button\">He visto campa\u00f1as de concientizaci\u00f3n p\u00fablica sobre abuso y descuido infantil en mi condado que citan una l\u00ednea directa diferente, espec\u00edfica del condado. \u00bfQu\u00e9 n\u00famero debo usar?<\/button><\/h3><div class=\"accordion__content\"><div class=\"accordion__inside\">\n<p class=\"\">La l\u00ednea directa gratuita <a href=\"tel:18442645437\">844-CO-4-KIDS (844-264-5437<\/a> ) est\u00e1 dise\u00f1ada para proporcionar un n\u00famero de tel\u00e9fono f\u00e1cil de recordar que las personas pueden utilizar en todo el estado. El objetivo es reducir la confusi\u00f3n de las personas que denuncian casos de abuso y descuido de menores y simplificar al m\u00e1ximo la denuncia de sospechas de abuso y descuido. Todas las personas que llamen se pondr\u00e1n en contacto con el condado correspondiente y hablar\u00e1n con una persona formada y certificada en el uso de una gu\u00eda dise\u00f1ada de preguntas que se realizar\u00e1n a las personas que llamen e informen casos de abuso y descuido infantil. <\/p>\n<\/div><\/div>\n\n\n\n<h3 class=\"accordion__label h4\"><button class=\"accordion__button button--basic\" type=\"button\"><strong><strong><strong>Si los condados ya cuentan con n\u00fameros de tel\u00e9fono para denunciar sospechas de abuso, \u00bfpor qu\u00e9 gastamos fondos estatales en una nueva l\u00ednea directa, cuando ser\u00eda mejor gastar ese dinero en otra parte?<\/strong><\/strong><\/strong><\/button><\/h3><div class=\"accordion__content\"><div class=\"accordion__inside\">\n<p class=\"\">El objetivo de la l\u00ednea directa es doble: 1) simplificar al m\u00e1ximo la notificaci\u00f3n de sospechas de abuso y descuido infantil para el p\u00fablico en general; y 2) Permitir al Departamento de Servicios Humanos de Colorado recopilar informaci\u00f3n cr\u00edtica que sin la l\u00ednea directa unificada no se hab\u00eda podido rastrear a escala estatal, como el n\u00famero de llamadas recibidas, el volumen de llamadas, la duraci\u00f3n de las llamadas, la velocidad de respuesta, el tiempo de espera, las transferencias de llamadas y la tasa de abandono. Estos datos son fundamentales para garantizar que las llamadas en todo el Estado se atiendan r\u00e1pida y adecuadamente.<\/p>\n<\/div><\/div>\n\n\n\n<h3 class=\"accordion__label h4\"><button class=\"accordion__button button--basic\" type=\"button\"><strong><strong><strong>\u00bfA d\u00f3nde va mi llamada si uso la l\u00ednea directa? \u00bfC\u00f3mo s\u00e9 que las autoridades correspondientes recibir\u00e1n y tomar\u00e1n medidas sobre mi inquietud denunciada?<\/strong><\/strong><\/strong><\/button><\/h3><div class=\"accordion__content\"><div class=\"accordion__inside\">\n<p class=\"\">El sistema de la l\u00ednea directa para dirigir las llamadas a los condados est\u00e1 automatizada en gran medida, e incorpora tecnolog\u00eda de respuesta de voz interactiva que permite a las personas que llaman decir el nombre del condado en el que reside el menor. Sin embargo, las personas que llaman tambi\u00e9n tienen la opci\u00f3n de hablar con una persona en directo a trav\u00e9s del Centro de Conexi\u00f3n del Condado, cuya funci\u00f3n es dirigir a las personas que llaman al condado apropiado. <\/p>\n<\/div><\/div>\n\n\n\n<h3 class=\"accordion__label h4\"><button class=\"accordion__button button--basic\" type=\"button\">\u00bfQui\u00e9n trabaja en el Centro de Conexi\u00f3n del Condado?<strong><strong><strong><br><\/strong><\/strong><\/strong><\/button><\/h3><div class=\"accordion__content\"><div class=\"accordion__inside\">\n<p class=\"\">El personal del Centro est\u00e1 formado por personas capacitadas que atienden las llamadas. Estos funcionarios son certificados anualmente a trav\u00e9s del Sistema de Formaci\u00f3n de Bienestar Infantil. <\/p>\n<\/div><\/div>\n\n\n\n<h3 class=\"accordion__label h4\"><button class=\"accordion__button button--basic\" type=\"button\">\u00bfQu\u00e9 sucede despu\u00e9s de que llamo para informar mi inquietud?<\/button><\/h3><div class=\"accordion__content\"><div class=\"accordion__inside\">\n<p class=\"\">Una vez que informas sobre tu sospecha de abuso o descuido a los servicios de protecci\u00f3n infantil, el equipo de la red de seguridad de bienestar infantil realiza varios pasos y trabaja para mantener a salvo a los ni\u00f1os de Colorado. Despu\u00e9s informar sobre tu sospecha, es posible que nunca conozcas el resultado de la evaluaci\u00f3n. Si es as\u00ed, te rogamos que conf\u00edes en la red de seguridad infantil y en los dem\u00e1s miembros del equipo para seguir velando por el bienestar de los ni\u00f1os de Colorado.<\/p>\n\n\n\n<p class=\"\"><\/p>\n\n\n\n<p class=\"\">Sin embargo, es probable que se pongan en contacto contigo durante la evaluaci\u00f3n, y posiblemente a lo largo del caso, para pedirte informaci\u00f3n adicional, ya que tu tienes contacto con el menor. La secci\u00f3n 7.202.52 del manual de pol\u00edticas y procedimientos para los trabajadores sociales de protecci\u00f3n de menores indica que \u00abse entrevistar\u00e1, si es posible, como parte de la evaluaci\u00f3n, a otras personas identificadas a trav\u00e9s de la evaluaci\u00f3n que puedan tener informaci\u00f3n relativa al presunto maltrato\u00bb.<\/p>\n\n\n\n<p class=\"\"><\/p>\n\n\n\n<p class=\"\"><strong><mark style=\"background-color:rgba(0, 0, 0, 0)\" class=\"has-inline-color has-5-5-color\">Aqu\u00ed encontrar\u00e1s un resumen del proceso que se sigue una vez informas a los servicios de protecci\u00f3n sobre tu sospecha:<\/mark><\/strong><\/p>\n\n\n\n<p class=\"\">El primer paso es la identificaci\u00f3n, es decir, reconocer los signos de abuso y\/o descuido infantil.<\/p>\n\n\n\n<p class=\"\"><\/p>\n\n\n\n<p class=\"\">El segundo paso es informar. Esto significa contactar con una agencia designada (ya sea CPS o las fuerzas del orden) y proporcionar informaci\u00f3n sobre sospechas de abuso y\/o descuido infantil.<\/p>\n\n\n\n<p class=\"\"><\/p>\n\n\n\n<p class=\"\">El tercer paso es la selecci\u00f3n. Durante la selecci\u00f3n, se determina si la informaci\u00f3n de la llamada cumple las directrices legales y de la agencia.<\/p>\n\n\n\n<p class=\"\"><\/p>\n\n\n\n<p class=\"\">Se decide si se interviene y se determina la urgencia de la respuesta para intervenir. En Colorado, el tiempo de respuesta se basa en una serie de factores, como el nivel de peligro presente y el grado de vulnerabilidad del menor. <\/p>\n\n\n\n<p class=\"\"><\/p>\n\n\n\n<p class=\"\">El trabajador social responder\u00e1 inmediatamente, al final del tercer d\u00eda calendario, o en el plazo de cinco d\u00edas laborables.<\/p>\n\n\n\n<p class=\"\"><\/p>\n\n\n\n<p class=\"\">Si el informe no cumple las directrices legales y de la agencia (tambi\u00e9n llamado \u00abscreened out\u00bb), la familia puede ser derivada a otros servicios, dependiendo de si se han detectado otras necesidades, o se cierra el informe.<\/p>\n\n\n\n<p class=\"\"><\/p>\n\n\n\n<p class=\"\">Si el informe cumple las directrices legales y de la agencia (tambi\u00e9n llamado \u00abfiltrado\u00bb), pasa a una fase de evaluaci\u00f3n inicial. En este proceso, el asistente social se pondr\u00e1 en contacto con el ni\u00f1o y la familia para recabar informaci\u00f3n y, a continuaci\u00f3n, determinar si se han producido abuso o descuido. El trabajador social evaluar\u00e1 la seguridad del menor. Si el ni\u00f1o o joven se encuentra en una situaci\u00f3n de alto riesgo el trabajador social evaluar\u00e1el traslado a un servicio de acogida o a otros servicios de urgencia. Adem\u00e1s, evaluar\u00e1n el riesgo de futuros abusos y\/o descuidos.<\/p>\n\n\n\n<p class=\"\"><\/p>\n\n\n\n<p class=\"\">Si la evaluaci\u00f3n descarta que se hayan producido abusos, se cierra el caso. La familia tambi\u00e9n puede ser derivada a otros servicios en funci\u00f3n de si se han detectado otras necesidades.<\/p>\n\n\n\n<p class=\"\"><\/p>\n\n\n\n<p class=\"\">Si la evaluaci\u00f3n determina que se han producido abuso o descuido, se recopila m\u00e1s informaci\u00f3n para identificar las fortalezas y las necesidades de la familia y evaluar los factores que contribuyen al riesgo de abuso y descuido en el futuro. <\/p>\n\n\n\n<p class=\"\"><\/p>\n\n\n\n<p class=\"\">El siguiente paso es la planificaci\u00f3n. En esta etapa, el trabajador social y la familia identifican los resultados y objetivos que reflejar\u00e1n una reducci\u00f3n o eliminaci\u00f3n del riesgo de abuso y\/o descuido infantil El trabajador social y la familia identifican estrategias o servicios para alcanzar estos objetivos y resultados; desarrollan planes de caso, planes de permanencia y otros planes; y establecen plazos para alcanzar estos objetivos.<\/p>\n\n\n\n<p class=\"\"><\/p>\n\n\n\n<p class=\"\">Tras elaborar los planes del caso, el trabajador social y la familia deciden qu\u00e9 tipo de servicios son necesarios. Los servicios pueden prestarse en el hogar (por ejemplo, preservaci\u00f3n de la familia y educaci\u00f3n parental) o fuera de \u00e9l (por ejemplo, servicios de acogida y reunificaci\u00f3n).<\/p>\n\n\n\n<p class=\"\"><\/p>\n\n\n\n<p class=\"\">El siguiente paso es una evaluaci\u00f3n del progreso de la familia. Esto incluye evaluar la seguridad del ni\u00f1o y la reducci\u00f3n de riesgos; evaluar la consecuci\u00f3n de resultados, objetivos y tareas familiares; y revisar los progresos y la necesidad de continuar con los servicios. Si es necesario continuar con dichos servicios, el trabajador social llevar\u00e1 a cabo una planificaci\u00f3n familiar y del caso adicional y revisar\u00e1 los tipos de servicios a prestar.<\/p>\n\n\n\n<p class=\"\"><\/p>\n\n\n\n<p class=\"\">En funci\u00f3n del resultado de la evaluaci\u00f3n del progreso familiar, el trabajador social decidir\u00e1 si se han alcanzado los objetivos de planificaci\u00f3n. En caso afirmativo, el caso se cierra una vez que el trabajador social eval\u00faa los niveles de seguridad y riesgo, y determina si la familia puede proteger al menor sin necesidad de m\u00e1s servicios de protecci\u00f3n infantil. La familia tambi\u00e9n puede ser derivada a otros servicios en funci\u00f3n de si se han detectado otras necesidades.<\/p>\n<\/div><\/div>\n<\/div>\n<\/div>\n<\/div>\n","protected":false},"excerpt":{"rendered":"<p>Respuestas a tus preguntas \u00bfTienes m\u00e1s preguntas sobre el abuso y descuido infantil en Colorado? A continuaci\u00f3n encontrar\u00e1s respuestas a las preguntas m\u00e1s frecuentes. Cont\u00e1ctanos si no encuentras la informaci\u00f3n&#8230;<\/p>\n","protected":false},"author":1,"featured_media":30369,"parent":474,"menu_order":12,"comment_status":"closed","ping_status":"closed","template":"","meta":{"_aquamin_featured_video":"","_aquamin_featured_post":false,"_price":"","_stock":"","_tribe_ticket_header":"","_tribe_default_ticket_provider":"","_tribe_ticket_capacity":"0","_ticket_start_date":"","_ticket_end_date":"","_tribe_ticket_show_description":"","_tribe_ticket_show_not_going":false,"_tribe_ticket_use_global_stock":"","_tribe_ticket_global_stock_level":"","_global_stock_mode":"","_global_stock_cap":"","_tribe_rsvp_for_event":"","_tribe_ticket_going_count":"","_tribe_ticket_not_going_count":"","_tribe_tickets_list":"[]","_tribe_ticket_has_attendee_info_fields":false,"footnotes":"","_tec_slr_enabled":"","_tec_slr_layout":""},"class_list":["post-7288","page","type-page","status-publish","has-post-thumbnail","hentry"],"yoast_head":"<!-- This site is optimized with the Yoast SEO Premium plugin v27.4 (Yoast SEO v27.4) - https:\/\/yoast.com\/product\/yoast-seo-premium-wordpress\/ -->\n<title>Preguntas y Respuestas Frecuentes sobre Abuso y Descuido Infantil - CO4Kids<\/title>\n<meta name=\"robots\" content=\"index, follow, max-snippet:-1, max-image-preview:large, max-video-preview:-1\" \/>\n<link rel=\"canonical\" href=\"https:\/\/co4kids.org\/es\/abuso-y-negligencia-infantil\/maltrato-infantil-preguntas-frecuentes-sobre-negligencia\/\" \/>\n<meta property=\"og:locale\" content=\"es_ES\" \/>\n<meta property=\"og:type\" content=\"article\" \/>\n<meta property=\"og:title\" content=\"Preguntas y Respuestas Frecuentes sobre Abuso y Descuido Infantil\" \/>\n<meta property=\"og:description\" content=\"Respuestas a tus preguntas \u00bfTienes m\u00e1s preguntas sobre el abuso y descuido infantil en Colorado? A continuaci\u00f3n encontrar\u00e1s respuestas a las preguntas m\u00e1s frecuentes. Cont\u00e1ctanos si no encuentras la informaci\u00f3n...\" \/>\n<meta property=\"og:url\" content=\"https:\/\/co4kids.org\/es\/abuso-y-negligencia-infantil\/maltrato-infantil-preguntas-frecuentes-sobre-negligencia\/\" \/>\n<meta property=\"og:site_name\" content=\"CO4Kids\" \/>\n<meta property=\"article:modified_time\" content=\"2025-01-23T18:26:33+00:00\" \/>\n<meta property=\"og:image\" content=\"https:\/\/co4kids.org\/wp-content\/uploads\/2024\/12\/Photo-1-spanish.png\" \/>\n\t<meta property=\"og:image:width\" content=\"859\" \/>\n\t<meta property=\"og:image:height\" content=\"610\" \/>\n\t<meta property=\"og:image:type\" content=\"image\/png\" \/>\n<meta name=\"twitter:card\" content=\"summary_large_image\" \/>\n<meta name=\"twitter:label1\" content=\"Tiempo de lectura\" \/>\n\t<meta name=\"twitter:data1\" content=\"26 minutos\" \/>\n<script type=\"application\/ld+json\" class=\"yoast-schema-graph\">{\"@context\":\"https:\\\/\\\/schema.org\",\"@graph\":[{\"@type\":\"WebPage\",\"@id\":\"https:\\\/\\\/co4kids.org\\\/es\\\/abuso-y-negligencia-infantil\\\/maltrato-infantil-preguntas-frecuentes-sobre-negligencia\\\/\",\"url\":\"https:\\\/\\\/co4kids.org\\\/es\\\/abuso-y-negligencia-infantil\\\/maltrato-infantil-preguntas-frecuentes-sobre-negligencia\\\/\",\"name\":\"Preguntas y Respuestas Frecuentes sobre Abuso y Descuido Infantil - CO4Kids\",\"isPartOf\":{\"@id\":\"https:\\\/\\\/co4kids.org\\\/es\\\/#website\"},\"primaryImageOfPage\":{\"@id\":\"https:\\\/\\\/co4kids.org\\\/es\\\/abuso-y-negligencia-infantil\\\/maltrato-infantil-preguntas-frecuentes-sobre-negligencia\\\/#primaryimage\"},\"image\":{\"@id\":\"https:\\\/\\\/co4kids.org\\\/es\\\/abuso-y-negligencia-infantil\\\/maltrato-infantil-preguntas-frecuentes-sobre-negligencia\\\/#primaryimage\"},\"thumbnailUrl\":\"https:\\\/\\\/co4kids.org\\\/wp-content\\\/uploads\\\/2024\\\/12\\\/Photo-1-spanish.png\",\"datePublished\":\"2023-03-17T02:39:08+00:00\",\"dateModified\":\"2025-01-23T18:26:33+00:00\",\"breadcrumb\":{\"@id\":\"https:\\\/\\\/co4kids.org\\\/es\\\/abuso-y-negligencia-infantil\\\/maltrato-infantil-preguntas-frecuentes-sobre-negligencia\\\/#breadcrumb\"},\"inLanguage\":\"es\",\"potentialAction\":[{\"@type\":\"ReadAction\",\"target\":[\"https:\\\/\\\/co4kids.org\\\/es\\\/abuso-y-negligencia-infantil\\\/maltrato-infantil-preguntas-frecuentes-sobre-negligencia\\\/\"]}]},{\"@type\":\"ImageObject\",\"inLanguage\":\"es\",\"@id\":\"https:\\\/\\\/co4kids.org\\\/es\\\/abuso-y-negligencia-infantil\\\/maltrato-infantil-preguntas-frecuentes-sobre-negligencia\\\/#primaryimage\",\"url\":\"https:\\\/\\\/co4kids.org\\\/wp-content\\\/uploads\\\/2024\\\/12\\\/Photo-1-spanish.png\",\"contentUrl\":\"https:\\\/\\\/co4kids.org\\\/wp-content\\\/uploads\\\/2024\\\/12\\\/Photo-1-spanish.png\",\"width\":859,\"height\":610,\"caption\":\"Varios ni\u00f1os bailan y juegan juntos en un sal\u00f3n de clases.\"},{\"@type\":\"BreadcrumbList\",\"@id\":\"https:\\\/\\\/co4kids.org\\\/es\\\/abuso-y-negligencia-infantil\\\/maltrato-infantil-preguntas-frecuentes-sobre-negligencia\\\/#breadcrumb\",\"itemListElement\":[{\"@type\":\"ListItem\",\"position\":1,\"name\":\"Home\",\"item\":\"https:\\\/\\\/co4kids.org\\\/es\\\/\"},{\"@type\":\"ListItem\",\"position\":2,\"name\":\"Abuso y descuido de menores\",\"item\":\"https:\\\/\\\/co4kids.org\\\/es\\\/abuso-y-negligencia-infantil\\\/\"},{\"@type\":\"ListItem\",\"position\":3,\"name\":\"Preguntas y Respuestas Frecuentes sobre Abuso y Descuido Infantil\"}]},{\"@type\":\"WebSite\",\"@id\":\"https:\\\/\\\/co4kids.org\\\/es\\\/#website\",\"url\":\"https:\\\/\\\/co4kids.org\\\/es\\\/\",\"name\":\"CO4Kids\",\"description\":\"If not you, then who?\",\"potentialAction\":[{\"@type\":\"SearchAction\",\"target\":{\"@type\":\"EntryPoint\",\"urlTemplate\":\"https:\\\/\\\/co4kids.org\\\/es\\\/?s={search_term_string}\"},\"query-input\":{\"@type\":\"PropertyValueSpecification\",\"valueRequired\":true,\"valueName\":\"search_term_string\"}}],\"inLanguage\":\"es\"}]}<\/script>\n<!-- \/ Yoast SEO Premium plugin. -->","yoast_head_json":{"title":"Preguntas y Respuestas Frecuentes sobre Abuso y Descuido Infantil - CO4Kids","robots":{"index":"index","follow":"follow","max-snippet":"max-snippet:-1","max-image-preview":"max-image-preview:large","max-video-preview":"max-video-preview:-1"},"canonical":"https:\/\/co4kids.org\/es\/abuso-y-negligencia-infantil\/maltrato-infantil-preguntas-frecuentes-sobre-negligencia\/","og_locale":"es_ES","og_type":"article","og_title":"Preguntas y Respuestas Frecuentes sobre Abuso y Descuido Infantil","og_description":"Respuestas a tus preguntas \u00bfTienes m\u00e1s preguntas sobre el abuso y descuido infantil en Colorado? A continuaci\u00f3n encontrar\u00e1s respuestas a las preguntas m\u00e1s frecuentes. Cont\u00e1ctanos si no encuentras la informaci\u00f3n...","og_url":"https:\/\/co4kids.org\/es\/abuso-y-negligencia-infantil\/maltrato-infantil-preguntas-frecuentes-sobre-negligencia\/","og_site_name":"CO4Kids","article_modified_time":"2025-01-23T18:26:33+00:00","og_image":[{"width":859,"height":610,"url":"https:\/\/co4kids.org\/wp-content\/uploads\/2024\/12\/Photo-1-spanish.png","type":"image\/png"}],"twitter_card":"summary_large_image","twitter_misc":{"Tiempo de lectura":"26 minutos"},"schema":{"@context":"https:\/\/schema.org","@graph":[{"@type":"WebPage","@id":"https:\/\/co4kids.org\/es\/abuso-y-negligencia-infantil\/maltrato-infantil-preguntas-frecuentes-sobre-negligencia\/","url":"https:\/\/co4kids.org\/es\/abuso-y-negligencia-infantil\/maltrato-infantil-preguntas-frecuentes-sobre-negligencia\/","name":"Preguntas y Respuestas Frecuentes sobre Abuso y Descuido Infantil - CO4Kids","isPartOf":{"@id":"https:\/\/co4kids.org\/es\/#website"},"primaryImageOfPage":{"@id":"https:\/\/co4kids.org\/es\/abuso-y-negligencia-infantil\/maltrato-infantil-preguntas-frecuentes-sobre-negligencia\/#primaryimage"},"image":{"@id":"https:\/\/co4kids.org\/es\/abuso-y-negligencia-infantil\/maltrato-infantil-preguntas-frecuentes-sobre-negligencia\/#primaryimage"},"thumbnailUrl":"https:\/\/co4kids.org\/wp-content\/uploads\/2024\/12\/Photo-1-spanish.png","datePublished":"2023-03-17T02:39:08+00:00","dateModified":"2025-01-23T18:26:33+00:00","breadcrumb":{"@id":"https:\/\/co4kids.org\/es\/abuso-y-negligencia-infantil\/maltrato-infantil-preguntas-frecuentes-sobre-negligencia\/#breadcrumb"},"inLanguage":"es","potentialAction":[{"@type":"ReadAction","target":["https:\/\/co4kids.org\/es\/abuso-y-negligencia-infantil\/maltrato-infantil-preguntas-frecuentes-sobre-negligencia\/"]}]},{"@type":"ImageObject","inLanguage":"es","@id":"https:\/\/co4kids.org\/es\/abuso-y-negligencia-infantil\/maltrato-infantil-preguntas-frecuentes-sobre-negligencia\/#primaryimage","url":"https:\/\/co4kids.org\/wp-content\/uploads\/2024\/12\/Photo-1-spanish.png","contentUrl":"https:\/\/co4kids.org\/wp-content\/uploads\/2024\/12\/Photo-1-spanish.png","width":859,"height":610,"caption":"Varios ni\u00f1os bailan y juegan juntos en un sal\u00f3n de clases."},{"@type":"BreadcrumbList","@id":"https:\/\/co4kids.org\/es\/abuso-y-negligencia-infantil\/maltrato-infantil-preguntas-frecuentes-sobre-negligencia\/#breadcrumb","itemListElement":[{"@type":"ListItem","position":1,"name":"Home","item":"https:\/\/co4kids.org\/es\/"},{"@type":"ListItem","position":2,"name":"Abuso y descuido de menores","item":"https:\/\/co4kids.org\/es\/abuso-y-negligencia-infantil\/"},{"@type":"ListItem","position":3,"name":"Preguntas y Respuestas Frecuentes sobre Abuso y Descuido Infantil"}]},{"@type":"WebSite","@id":"https:\/\/co4kids.org\/es\/#website","url":"https:\/\/co4kids.org\/es\/","name":"CO4Kids","description":"If not you, then who?","potentialAction":[{"@type":"SearchAction","target":{"@type":"EntryPoint","urlTemplate":"https:\/\/co4kids.org\/es\/?s={search_term_string}"},"query-input":{"@type":"PropertyValueSpecification","valueRequired":true,"valueName":"search_term_string"}}],"inLanguage":"es"}]}},"publishpress_future_workflow_manual_trigger":{"enabledWorkflows":[]},"ticketed":false,"_links":{"self":[{"href":"https:\/\/co4kids.org\/es\/wp-json\/wp\/v2\/pages\/7288","targetHints":{"allow":["GET"]}}],"collection":[{"href":"https:\/\/co4kids.org\/es\/wp-json\/wp\/v2\/pages"}],"about":[{"href":"https:\/\/co4kids.org\/es\/wp-json\/wp\/v2\/types\/page"}],"author":[{"embeddable":true,"href":"https:\/\/co4kids.org\/es\/wp-json\/wp\/v2\/users\/1"}],"replies":[{"embeddable":true,"href":"https:\/\/co4kids.org\/es\/wp-json\/wp\/v2\/comments?post=7288"}],"version-history":[{"count":0,"href":"https:\/\/co4kids.org\/es\/wp-json\/wp\/v2\/pages\/7288\/revisions"}],"up":[{"embeddable":true,"href":"https:\/\/co4kids.org\/es\/wp-json\/wp\/v2\/pages\/474"}],"wp:featuredmedia":[{"embeddable":true,"href":"https:\/\/co4kids.org\/es\/wp-json\/wp\/v2\/media\/30369"}],"wp:attachment":[{"href":"https:\/\/co4kids.org\/es\/wp-json\/wp\/v2\/media?parent=7288"}],"curies":[{"name":"wp","href":"https:\/\/api.w.org\/{rel}","templated":true}]}}